{"id":2210,"date":"2024-11-04T18:43:40","date_gmt":"2024-11-04T18:43:40","guid":{"rendered":"https:\/\/minasecinema.com.br\/?page_id=2210"},"modified":"2025-03-24T20:07:40","modified_gmt":"2025-03-24T20:07:40","slug":"festivais-visconde-do-rio-branco","status":"publish","type":"page","link":"https:\/\/minasecinema.repesq.ufjf.br\/en\/festivais-visconde-do-rio-branco\/","title":{"rendered":"Festivais Visconde do Rio Branco"},"content":{"rendered":"<div data-elementor-type=\"wp-page\" data-elementor-id=\"2210\" class=\"elementor elementor-2210\">\n\t\t\t\t<div class=\"has_eae_slider elementor-element elementor-element-ef33213 e-flex e-con-boxed elementor-invisible e-con e-parent\" data-eae-slider=\"21630\" data-id=\"ef33213\" data-element_type=\"container\" data-settings=\"{&quot;background_background&quot;:&quot;classic&quot;,&quot;shape_divider_bottom&quot;:&quot;waves&quot;,&quot;animation&quot;:&quot;fadeIn&quot;}\">\n\t\t\t\t\t<div class=\"e-con-inner\">\n\t\t\t\t<div class=\"elementor-shape elementor-shape-bottom\" aria-hidden=\"true\" data-negative=\"false\">\n\t\t\t<svg xmlns=\"http:\/\/www.w3.org\/2000\/svg\" viewbox=\"0 0 1000 100\" preserveaspectratio=\"none\">\n\t<path class=\"elementor-shape-fill\" d=\"M421.9,6.5c22.6-2.5,51.5,0.4,75.5,5.3c23.6,4.9,70.9,23.5,100.5,35.7c75.8,32.2,133.7,44.5,192.6,49.7\tc23.6,2.1,48.7,3.5,103.4-2.5c54.7-6,106.2-25.6,106.2-25.6V0H0v30.3c0,0,72,32.6,158.4,30.5c39.2-0.7,92.8-6.7,134-22.4\tc21.2-8.1,52.2-18.2,79.7-24.2C399.3,7.9,411.6,7.5,421.9,6.5z\"\/>\n<\/svg>\t\t<\/div>\n\t\t\t\t<div class=\"elementor-element elementor-element-10b2b19 elementor-widget elementor-widget-spacer\" data-id=\"10b2b19\" data-element_type=\"widget\" data-widget_type=\"spacer.default\">\n\t\t\t\t<div class=\"elementor-widget-container\">\n\t\t\t\t\t\t\t<div class=\"elementor-spacer\">\n\t\t\t<div class=\"elementor-spacer-inner\"><\/div>\n\t\t<\/div>\n\t\t\t\t\t\t<\/div>\n\t\t\t\t<\/div>\n\t\t\t\t<div class=\"elementor-element elementor-element-748a3fe elementor-widget elementor-widget-heading\" data-id=\"748a3fe\" data-element_type=\"widget\" data-widget_type=\"heading.default\">\n\t\t\t\t<div class=\"elementor-widget-container\">\n\t\t\t\t\t<h2 class=\"elementor-heading-title elementor-size-default\">Festivais de Cinema em Visconde do Rio Branco<\/h2>\t\t\t\t<\/div>\n\t\t\t\t<\/div>\n\t\t\t\t<div class=\"elementor-element elementor-element-a04b7b6 elementor-widget elementor-widget-spacer\" data-id=\"a04b7b6\" data-element_type=\"widget\" data-widget_type=\"spacer.default\">\n\t\t\t\t<div class=\"elementor-widget-container\">\n\t\t\t\t\t\t\t<div class=\"elementor-spacer\">\n\t\t\t<div class=\"elementor-spacer-inner\"><\/div>\n\t\t<\/div>\n\t\t\t\t\t\t<\/div>\n\t\t\t\t<\/div>\n\t\t\t\t\t<\/div>\n\t\t\t\t<\/div>\n\t\t<div class=\"has_eae_slider elementor-element elementor-element-f6419ac e-flex e-con-boxed elementor-invisible e-con e-parent\" data-eae-slider=\"57463\" data-id=\"f6419ac\" data-element_type=\"container\" data-settings=\"{&quot;background_background&quot;:&quot;classic&quot;,&quot;shape_divider_bottom&quot;:&quot;waves&quot;,&quot;animation&quot;:&quot;fadeIn&quot;}\">\n\t\t\t\t\t<div class=\"e-con-inner\">\n\t\t\t\t<div class=\"elementor-shape elementor-shape-bottom\" aria-hidden=\"true\" data-negative=\"false\">\n\t\t\t<svg xmlns=\"http:\/\/www.w3.org\/2000\/svg\" viewbox=\"0 0 1000 100\" preserveaspectratio=\"none\">\n\t<path class=\"elementor-shape-fill\" d=\"M421.9,6.5c22.6-2.5,51.5,0.4,75.5,5.3c23.6,4.9,70.9,23.5,100.5,35.7c75.8,32.2,133.7,44.5,192.6,49.7\tc23.6,2.1,48.7,3.5,103.4-2.5c54.7-6,106.2-25.6,106.2-25.6V0H0v30.3c0,0,72,32.6,158.4,30.5c39.2-0.7,92.8-6.7,134-22.4\tc21.2-8.1,52.2-18.2,79.7-24.2C399.3,7.9,411.6,7.5,421.9,6.5z\"\/>\n<\/svg>\t\t<\/div>\n\t\t\t\t<div class=\"elementor-element elementor-element-0fa2fb4 elementor-widget__width-initial elementor-widget elementor-widget-image\" data-id=\"0fa2fb4\" data-element_type=\"widget\" data-widget_type=\"image.default\">\n\t\t\t\t<div class=\"elementor-widget-container\">\n\t\t\t\t\t\t\t\t\t\t\t\t\t\t\t<img decoding=\"async\" src=\"https:\/\/minasecinema.repesq.ufjf.br\/wp-content\/uploads\/2024\/11\/Captura-de-Tela-2024-11-04-as-15.37.46.png\" title=\"Captura de Tela 2024-11-04 \u00e0s 15.37.46\" alt=\"Captura de Tela 2024-11-04 \u00e0s 15.37.46\" loading=\"lazy\" \/>\t\t\t\t\t\t\t\t\t\t\t\t\t\t\t<\/div>\n\t\t\t\t<\/div>\n\t\t\t\t<div class=\"elementor-element elementor-element-ceb45d7 elementor-widget elementor-widget-heading\" data-id=\"ceb45d7\" data-element_type=\"widget\" data-widget_type=\"heading.default\">\n\t\t\t\t<div class=\"elementor-widget-container\">\n\t\t\t\t\t<h3 class=\"elementor-heading-title elementor-size-default\">Festival de Cinema Geraldo Pereira<\/h3>\t\t\t\t<\/div>\n\t\t\t\t<\/div>\n\t\t\t\t<div class=\"elementor-element elementor-element-a869be1 elementor-widget elementor-widget-text-editor\" data-id=\"a869be1\" data-element_type=\"widget\" data-widget_type=\"text-editor.default\">\n\t\t\t\t<div class=\"elementor-widget-container\">\n\t\t\t\t\t\t\t\t\t<p>Realiza\u00e7\u00e3o: Associa\u00e7\u00e3o dos Amantes do Cinema de Visconde do Rio Branco<\/p>\n<p><span style=\"text-align: var(--text-align);\">&nbsp;A primeira edi\u00e7\u00e3o do Festival aconteceu em 2012. Em 2024, &nbsp;realizou sua 5\u00ba edi\u00e7\u00e3o, depois de 9 anos de interrup\u00e7\u00e3o, &nbsp;retornou ao calend\u00e1rio cultural da cidade.<\/span><\/p>\t\t\t\t\t\t\t\t<\/div>\n\t\t\t\t<\/div>\n\t\t<div class=\"has_eae_slider elementor-element elementor-element-032922c e-con-full e-flex e-con e-child\" data-eae-slider=\"59465\" data-id=\"032922c\" data-element_type=\"container\">\n\t\t\t\t<\/div>\n\t\t\t\t\t<\/div>\n\t\t\t\t<\/div>\n\t\t<div class=\"has_eae_slider elementor-element elementor-element-2b4d456 e-flex e-con-boxed elementor-invisible e-con e-parent\" data-eae-slider=\"29162\" data-id=\"2b4d456\" data-element_type=\"container\" data-settings=\"{&quot;background_background&quot;:&quot;classic&quot;,&quot;shape_divider_bottom&quot;:&quot;waves&quot;,&quot;animation&quot;:&quot;fadeIn&quot;}\">\n\t\t\t\t\t<div class=\"e-con-inner\">\n\t\t\t\t<div class=\"elementor-shape elementor-shape-bottom\" aria-hidden=\"true\" data-negative=\"false\">\n\t\t\t<svg xmlns=\"http:\/\/www.w3.org\/2000\/svg\" viewbox=\"0 0 1000 100\" preserveaspectratio=\"none\">\n\t<path class=\"elementor-shape-fill\" d=\"M421.9,6.5c22.6-2.5,51.5,0.4,75.5,5.3c23.6,4.9,70.9,23.5,100.5,35.7c75.8,32.2,133.7,44.5,192.6,49.7\tc23.6,2.1,48.7,3.5,103.4-2.5c54.7-6,106.2-25.6,106.2-25.6V0H0v30.3c0,0,72,32.6,158.4,30.5c39.2-0.7,92.8-6.7,134-22.4\tc21.2-8.1,52.2-18.2,79.7-24.2C399.3,7.9,411.6,7.5,421.9,6.5z\"\/>\n<\/svg>\t\t<\/div>\n\t\t\t\t<div class=\"elementor-element elementor-element-f76ff2a elementor-widget elementor-widget-spacer\" data-id=\"f76ff2a\" data-element_type=\"widget\" data-widget_type=\"spacer.default\">\n\t\t\t\t<div class=\"elementor-widget-container\">\n\t\t\t\t\t\t\t<div class=\"elementor-spacer\">\n\t\t\t<div class=\"elementor-spacer-inner\"><\/div>\n\t\t<\/div>\n\t\t\t\t\t\t<\/div>\n\t\t\t\t<\/div>\n\t\t\t\t<div class=\"elementor-element elementor-element-2b83765 elementor-widget elementor-widget-spacer\" data-id=\"2b83765\" data-element_type=\"widget\" data-widget_type=\"spacer.default\">\n\t\t\t\t<div class=\"elementor-widget-container\">\n\t\t\t\t\t\t\t<div class=\"elementor-spacer\">\n\t\t\t<div class=\"elementor-spacer-inner\"><\/div>\n\t\t<\/div>\n\t\t\t\t\t\t<\/div>\n\t\t\t\t<\/div>\n\t\t\t\t\t<\/div>\n\t\t\t\t<\/div>\n\t\t<div class=\"has_eae_slider elementor-element elementor-element-f46997b e-flex e-con-boxed elementor-invisible e-con e-parent\" data-eae-slider=\"28350\" data-id=\"f46997b\" data-element_type=\"container\" data-settings=\"{&quot;background_background&quot;:&quot;classic&quot;,&quot;shape_divider_bottom&quot;:&quot;waves&quot;,&quot;animation&quot;:&quot;fadeIn&quot;}\">\n\t\t\t\t\t<div class=\"e-con-inner\">\n\t\t\t\t<div class=\"elementor-shape elementor-shape-bottom\" aria-hidden=\"true\" data-negative=\"false\">\n\t\t\t<svg xmlns=\"http:\/\/www.w3.org\/2000\/svg\" viewbox=\"0 0 1000 100\" preserveaspectratio=\"none\">\n\t<path class=\"elementor-shape-fill\" d=\"M421.9,6.5c22.6-2.5,51.5,0.4,75.5,5.3c23.6,4.9,70.9,23.5,100.5,35.7c75.8,32.2,133.7,44.5,192.6,49.7\tc23.6,2.1,48.7,3.5,103.4-2.5c54.7-6,106.2-25.6,106.2-25.6V0H0v30.3c0,0,72,32.6,158.4,30.5c39.2-0.7,92.8-6.7,134-22.4\tc21.2-8.1,52.2-18.2,79.7-24.2C399.3,7.9,411.6,7.5,421.9,6.5z\"\/>\n<\/svg>\t\t<\/div>\n\t\t\t\t<div class=\"elementor-element elementor-element-a33689f elementor-widget elementor-widget-spacer\" data-id=\"a33689f\" data-element_type=\"widget\" data-widget_type=\"spacer.default\">\n\t\t\t\t<div class=\"elementor-widget-container\">\n\t\t\t\t\t\t\t<div class=\"elementor-spacer\">\n\t\t\t<div class=\"elementor-spacer-inner\"><\/div>\n\t\t<\/div>\n\t\t\t\t\t\t<\/div>\n\t\t\t\t<\/div>\n\t\t\t\t<div class=\"elementor-element elementor-element-a0b5826 elementor-widget elementor-widget-spacer\" data-id=\"a0b5826\" data-element_type=\"widget\" data-widget_type=\"spacer.default\">\n\t\t\t\t<div class=\"elementor-widget-container\">\n\t\t\t\t\t\t\t<div class=\"elementor-spacer\">\n\t\t\t<div class=\"elementor-spacer-inner\"><\/div>\n\t\t<\/div>\n\t\t\t\t\t\t<\/div>\n\t\t\t\t<\/div>\n\t\t\t\t\t<\/div>\n\t\t\t\t<\/div>\n\t\t<div class=\"has_eae_slider elementor-element elementor-element-cb00693 e-flex e-con-boxed elementor-invisible e-con e-parent\" data-eae-slider=\"78734\" data-id=\"cb00693\" data-element_type=\"container\" data-settings=\"{&quot;background_background&quot;:&quot;classic&quot;,&quot;shape_divider_bottom&quot;:&quot;waves&quot;,&quot;animation&quot;:&quot;fadeIn&quot;}\">\n\t\t\t\t\t<div class=\"e-con-inner\">\n\t\t\t\t<div class=\"elementor-shape elementor-shape-bottom\" aria-hidden=\"true\" data-negative=\"false\">\n\t\t\t<svg xmlns=\"http:\/\/www.w3.org\/2000\/svg\" viewbox=\"0 0 1000 100\" preserveaspectratio=\"none\">\n\t<path class=\"elementor-shape-fill\" d=\"M421.9,6.5c22.6-2.5,51.5,0.4,75.5,5.3c23.6,4.9,70.9,23.5,100.5,35.7c75.8,32.2,133.7,44.5,192.6,49.7\tc23.6,2.1,48.7,3.5,103.4-2.5c54.7-6,106.2-25.6,106.2-25.6V0H0v30.3c0,0,72,32.6,158.4,30.5c39.2-0.7,92.8-6.7,134-22.4\tc21.2-8.1,52.2-18.2,79.7-24.2C399.3,7.9,411.6,7.5,421.9,6.5z\"\/>\n<\/svg>\t\t<\/div>\n\t\t\t\t<div class=\"elementor-element elementor-element-a29c63b elementor-widget elementor-widget-spacer\" data-id=\"a29c63b\" data-element_type=\"widget\" data-widget_type=\"spacer.default\">\n\t\t\t\t<div class=\"elementor-widget-container\">\n\t\t\t\t\t\t\t<div class=\"elementor-spacer\">\n\t\t\t<div class=\"elementor-spacer-inner\"><\/div>\n\t\t<\/div>\n\t\t\t\t\t\t<\/div>\n\t\t\t\t<\/div>\n\t\t\t\t<div class=\"elementor-element elementor-element-100804a elementor-widget elementor-widget-spacer\" data-id=\"100804a\" data-element_type=\"widget\" data-widget_type=\"spacer.default\">\n\t\t\t\t<div class=\"elementor-widget-container\">\n\t\t\t\t\t\t\t<div class=\"elementor-spacer\">\n\t\t\t<div class=\"elementor-spacer-inner\"><\/div>\n\t\t<\/div>\n\t\t\t\t\t\t<\/div>\n\t\t\t\t<\/div>\n\t\t\t\t\t<\/div>\n\t\t\t\t<\/div>\n\t\t<div class=\"has_eae_slider elementor-element elementor-element-b7731e9 e-flex e-con-boxed elementor-invisible e-con e-parent\" data-eae-slider=\"66641\" data-id=\"b7731e9\" data-element_type=\"container\" data-settings=\"{&quot;background_background&quot;:&quot;classic&quot;,&quot;shape_divider_bottom&quot;:&quot;waves&quot;,&quot;animation&quot;:&quot;fadeIn&quot;}\">\n\t\t\t\t\t<div class=\"e-con-inner\">\n\t\t\t\t<div class=\"elementor-shape elementor-shape-bottom\" aria-hidden=\"true\" data-negative=\"false\">\n\t\t\t<svg xmlns=\"http:\/\/www.w3.org\/2000\/svg\" viewbox=\"0 0 1000 100\" preserveaspectratio=\"none\">\n\t<path class=\"elementor-shape-fill\" d=\"M421.9,6.5c22.6-2.5,51.5,0.4,75.5,5.3c23.6,4.9,70.9,23.5,100.5,35.7c75.8,32.2,133.7,44.5,192.6,49.7\tc23.6,2.1,48.7,3.5,103.4-2.5c54.7-6,106.2-25.6,106.2-25.6V0H0v30.3c0,0,72,32.6,158.4,30.5c39.2-0.7,92.8-6.7,134-22.4\tc21.2-8.1,52.2-18.2,79.7-24.2C399.3,7.9,411.6,7.5,421.9,6.5z\"\/>\n<\/svg>\t\t<\/div>\n\t\t\t\t<div class=\"elementor-element elementor-element-14afc9f elementor-widget elementor-widget-spacer\" data-id=\"14afc9f\" data-element_type=\"widget\" data-widget_type=\"spacer.default\">\n\t\t\t\t<div class=\"elementor-widget-container\">\n\t\t\t\t\t\t\t<div class=\"elementor-spacer\">\n\t\t\t<div class=\"elementor-spacer-inner\"><\/div>\n\t\t<\/div>\n\t\t\t\t\t\t<\/div>\n\t\t\t\t<\/div>\n\t\t\t\t<div class=\"elementor-element elementor-element-3aaab4d elementor-widget elementor-widget-spacer\" data-id=\"3aaab4d\" data-element_type=\"widget\" data-widget_type=\"spacer.default\">\n\t\t\t\t<div class=\"elementor-widget-container\">\n\t\t\t\t\t\t\t<div class=\"elementor-spacer\">\n\t\t\t<div class=\"elementor-spacer-inner\"><\/div>\n\t\t<\/div>\n\t\t\t\t\t\t<\/div>\n\t\t\t\t<\/div>\n\t\t\t\t\t<\/div>\n\t\t\t\t<\/div>\n\t\t<div class=\"has_eae_slider elementor-element elementor-element-a31f295 e-flex e-con-boxed e-con e-parent\" data-eae-slider=\"68262\" data-id=\"a31f295\" data-element_type=\"container\">\n\t\t\t\t\t<div class=\"e-con-inner\">\n\t\t\t\t\t<\/div>\n\t\t\t\t<\/div>\n\t\t\t\t<\/div>","protected":false},"excerpt":{"rendered":"<p>Festivais de Cinema em Visconde do Rio Branco Festival de Cinema Geraldo Pereira Realiza\u00e7\u00e3o: Associa\u00e7\u00e3o dos Amantes do Cinema de Visconde do Rio Branco &nbsp;A primeira edi\u00e7\u00e3o do Festival aconteceu em 2012. Em 2024, &nbsp;realizou sua 5\u00ba edi\u00e7\u00e3o, depois de 9 anos de interrup\u00e7\u00e3o, &nbsp;retornou ao calend\u00e1rio cultural da cidade.<\/p>","protected":false},"author":1,"featured_media":0,"parent":0,"menu_order":0,"comment_status":"closed","ping_status":"closed","template":"elementor_header_footer","meta":{"footnotes":""},"tnc_tax_8431":[],"tnc_tax_8399":[],"tnc_tax_8396":[],"tnc_tax_8393":[],"tnc_tax_6759":[],"tnc_tax_6723":[],"tnc_tax_4866":[],"tnc_tax_3507":[],"class_list":["post-2210","page","type-page","status-publish","hentry"],"blocksy_meta":[],"_links":{"self":[{"href":"https:\/\/minasecinema.repesq.ufjf.br\/en\/wp-json\/wp\/v2\/pages\/2210","targetHints":{"allow":["GET"]}}],"collection":[{"href":"https:\/\/minasecinema.repesq.ufjf.br\/en\/wp-json\/wp\/v2\/pages"}],"about":[{"href":"https:\/\/minasecinema.repesq.ufjf.br\/en\/wp-json\/wp\/v2\/types\/page"}],"author":[{"embeddable":true,"href":"https:\/\/minasecinema.repesq.ufjf.br\/en\/wp-json\/wp\/v2\/users\/1"}],"replies":[{"embeddable":true,"href":"https:\/\/minasecinema.repesq.ufjf.br\/en\/wp-json\/wp\/v2\/comments?post=2210"}],"version-history":[{"count":4,"href":"https:\/\/minasecinema.repesq.ufjf.br\/en\/wp-json\/wp\/v2\/pages\/2210\/revisions"}],"predecessor-version":[{"id":2218,"href":"https:\/\/minasecinema.repesq.ufjf.br\/en\/wp-json\/wp\/v2\/pages\/2210\/revisions\/2218"}],"wp:attachment":[{"href":"https:\/\/minasecinema.repesq.ufjf.br\/en\/wp-json\/wp\/v2\/media?parent=2210"}],"wp:term":[{"taxonomy":"tnc_tax_8431","embeddable":true,"href":"https:\/\/minasecinema.repesq.ufjf.br\/en\/wp-json\/wp\/v2\/tnc_tax_8431?post=2210"},{"taxonomy":"tnc_tax_8399","embeddable":true,"href":"https:\/\/minasecinema.repesq.ufjf.br\/en\/wp-json\/wp\/v2\/tnc_tax_8399?post=2210"},{"taxonomy":"tnc_tax_8396","embeddable":true,"href":"https:\/\/minasecinema.repesq.ufjf.br\/en\/wp-json\/wp\/v2\/tnc_tax_8396?post=2210"},{"taxonomy":"tnc_tax_8393","embeddable":true,"href":"https:\/\/minasecinema.repesq.ufjf.br\/en\/wp-json\/wp\/v2\/tnc_tax_8393?post=2210"},{"taxonomy":"tnc_tax_6759","embeddable":true,"href":"https:\/\/minasecinema.repesq.ufjf.br\/en\/wp-json\/wp\/v2\/tnc_tax_6759?post=2210"},{"taxonomy":"tnc_tax_6723","embeddable":true,"href":"https:\/\/minasecinema.repesq.ufjf.br\/en\/wp-json\/wp\/v2\/tnc_tax_6723?post=2210"},{"taxonomy":"tnc_tax_4866","embeddable":true,"href":"https:\/\/minasecinema.repesq.ufjf.br\/en\/wp-json\/wp\/v2\/tnc_tax_4866?post=2210"},{"taxonomy":"tnc_tax_3507","embeddable":true,"href":"https:\/\/minasecinema.repesq.ufjf.br\/en\/wp-json\/wp\/v2\/tnc_tax_3507?post=2210"}],"curies":[{"name":"wp","href":"https:\/\/api.w.org\/{rel}","templated":true}]}}