{"id":886,"date":"2023-12-24T03:30:15","date_gmt":"2023-12-24T03:30:15","guid":{"rendered":"https:\/\/minasecinema.com.br\/novo\/?page_id=886"},"modified":"2026-03-20T20:09:04","modified_gmt":"2026-03-20T20:09:04","slug":"publicacoes-de-juiz-de-fora","status":"publish","type":"page","link":"https:\/\/minasecinema.repesq.ufjf.br\/en\/publicacoes-de-juiz-de-fora\/","title":{"rendered":"Publications from Juiz de Fora"},"content":{"rendered":"<div data-elementor-type=\"wp-page\" data-elementor-id=\"886\" class=\"elementor elementor-886\">\n\t\t\t\t<div class=\"has_eae_slider elementor-element elementor-element-d51ceda e-flex e-con-boxed elementor-invisible e-con e-parent\" data-eae-slider=\"99679\" data-id=\"d51ceda\" data-element_type=\"container\" data-settings=\"{&quot;background_background&quot;:&quot;classic&quot;,&quot;shape_divider_bottom&quot;:&quot;waves&quot;,&quot;animation&quot;:&quot;fadeIn&quot;}\">\n\t\t\t\t\t<div class=\"e-con-inner\">\n\t\t\t\t<div class=\"elementor-shape elementor-shape-bottom\" aria-hidden=\"true\" data-negative=\"false\">\n\t\t\t<svg xmlns=\"http:\/\/www.w3.org\/2000\/svg\" viewbox=\"0 0 1000 100\" preserveaspectratio=\"none\">\n\t<path class=\"elementor-shape-fill\" d=\"M421.9,6.5c22.6-2.5,51.5,0.4,75.5,5.3c23.6,4.9,70.9,23.5,100.5,35.7c75.8,32.2,133.7,44.5,192.6,49.7\tc23.6,2.1,48.7,3.5,103.4-2.5c54.7-6,106.2-25.6,106.2-25.6V0H0v30.3c0,0,72,32.6,158.4,30.5c39.2-0.7,92.8-6.7,134-22.4\tc21.2-8.1,52.2-18.2,79.7-24.2C399.3,7.9,411.6,7.5,421.9,6.5z\"\/>\n<\/svg>\t\t<\/div>\n\t\t\t\t<div class=\"elementor-element elementor-element-88ccace elementor-widget elementor-widget-spacer\" data-id=\"88ccace\" data-element_type=\"widget\" data-widget_type=\"spacer.default\">\n\t\t\t\t<div class=\"elementor-widget-container\">\n\t\t\t\t\t\t\t<div class=\"elementor-spacer\">\n\t\t\t<div class=\"elementor-spacer-inner\"><\/div>\n\t\t<\/div>\n\t\t\t\t\t\t<\/div>\n\t\t\t\t<\/div>\n\t\t\t\t<div class=\"elementor-element elementor-element-fd10f02 elementor-widget elementor-widget-heading\" data-id=\"fd10f02\" data-element_type=\"widget\" data-widget_type=\"heading.default\">\n\t\t\t\t<div class=\"elementor-widget-container\">\n\t\t\t\t\t<h1 class=\"elementor-heading-title elementor-size-default\">Publications from Juiz de Fora<\/h1>\t\t\t\t<\/div>\n\t\t\t\t<\/div>\n\t\t\t\t<div class=\"elementor-element elementor-element-87f33c4 elementor-widget elementor-widget-text-editor\" data-id=\"87f33c4\" data-element_type=\"widget\" data-widget_type=\"text-editor.default\">\n\t\t\t\t<div class=\"elementor-widget-container\">\n\t\t\t\t\t\t\t\t\t<p>To access the publications click on the topics below:<\/p>\t\t\t\t\t\t\t\t<\/div>\n\t\t\t\t<\/div>\n\t\t\t\t<div class=\"elementor-element elementor-element-b41d86f elementor-widget elementor-widget-spacer\" data-id=\"b41d86f\" data-element_type=\"widget\" data-widget_type=\"spacer.default\">\n\t\t\t\t<div class=\"elementor-widget-container\">\n\t\t\t\t\t\t\t<div class=\"elementor-spacer\">\n\t\t\t<div class=\"elementor-spacer-inner\"><\/div>\n\t\t<\/div>\n\t\t\t\t\t\t<\/div>\n\t\t\t\t<\/div>\n\t\t\t\t\t<\/div>\n\t\t\t\t<\/div>\n\t\t<div class=\"has_eae_slider elementor-element elementor-element-62f5da5 e-flex e-con-boxed e-con e-parent\" data-eae-slider=\"62147\" data-id=\"62f5da5\" data-element_type=\"container\" data-settings=\"{&quot;background_background&quot;:&quot;classic&quot;}\">\n\t\t\t\t\t<div class=\"e-con-inner\">\n\t\t<div class=\"has_eae_slider elementor-element elementor-element-8757891 e-con-full e-flex e-con e-child\" data-eae-slider=\"69828\" data-id=\"8757891\" data-element_type=\"container\" data-settings=\"{&quot;background_background&quot;:&quot;classic&quot;}\">\n\t\t\t\t<div class=\"elementor-element elementor-element-78d4a87 elementor-widget elementor-widget-heading\" data-id=\"78d4a87\" data-element_type=\"widget\" data-widget_type=\"heading.default\">\n\t\t\t\t<div class=\"elementor-widget-container\">\n\t\t\t\t\t<h5 class=\"elementor-heading-title elementor-size-default\"><a href=\"https:\/\/minasecinema.repesq.ufjf.br\/en\/cia-central-de-diversoes\/\">Cia. Central de Divers\u00f5es<\/a><\/h5>\t\t\t\t<\/div>\n\t\t\t\t<\/div>\n\t\t\t\t<\/div>\n\t\t<div class=\"has_eae_slider elementor-element elementor-element-a2baa72 e-con-full e-flex e-con e-child\" data-eae-slider=\"11815\" data-id=\"a2baa72\" data-element_type=\"container\" data-settings=\"{&quot;background_background&quot;:&quot;classic&quot;}\">\n\t\t\t\t<div class=\"elementor-element elementor-element-915aaf1 elementor-widget elementor-widget-image\" data-id=\"915aaf1\" data-element_type=\"widget\" data-widget_type=\"image.default\">\n\t\t\t\t<div class=\"elementor-widget-container\">\n\t\t\t\t\t\t\t\t\t\t\t\t\t\t\t<img fetchpriority=\"high\" decoding=\"async\" width=\"320\" height=\"320\" src=\"https:\/\/minasecinema.repesq.ufjf.br\/wp-content\/uploads\/2023\/12\/173994699-4446440932.png\" class=\"attachment-full size-full wp-image-888\" alt=\"\" srcset=\"https:\/\/minasecinema.repesq.ufjf.br\/wp-content\/uploads\/2023\/12\/173994699-4446440932.png 320w, https:\/\/minasecinema.repesq.ufjf.br\/wp-content\/uploads\/2023\/12\/173994699-4446440932-300x300.png 300w, https:\/\/minasecinema.repesq.ufjf.br\/wp-content\/uploads\/2023\/12\/173994699-4446440932-150x150.png 150w\" sizes=\"(max-width: 320px) 100vw, 320px\" \/>\t\t\t\t\t\t\t\t\t\t\t\t\t\t\t<\/div>\n\t\t\t\t<\/div>\n\t\t\t\t<div class=\"elementor-element elementor-element-7993f15 elementor-widget elementor-widget-heading\" data-id=\"7993f15\" data-element_type=\"widget\" data-widget_type=\"heading.default\">\n\t\t\t\t<div class=\"elementor-widget-container\">\n\t\t\t\t\t<h5 class=\"elementor-heading-title elementor-size-default\"><a href=\"https:\/\/minasecinema.com.br\/cidades\/juiz-de-fora\/publicacoes-de-juiz-de-fora\/acervo-do-arquivo-central-ufjf\/\">The Cinema of Juiz de Fora in the collection of the Central Archive\/UFJF<\/a><\/h5>\t\t\t\t<\/div>\n\t\t\t\t<\/div>\n\t\t\t\t<\/div>\n\t\t<div class=\"has_eae_slider elementor-element elementor-element-f50f09c e-con-full e-flex e-con e-child\" data-eae-slider=\"51961\" data-id=\"f50f09c\" data-element_type=\"container\" data-settings=\"{&quot;background_background&quot;:&quot;classic&quot;}\">\n\t\t\t\t<div class=\"elementor-element elementor-element-8ac0e5c elementor-widget elementor-widget-image\" data-id=\"8ac0e5c\" data-element_type=\"widget\" data-widget_type=\"image.default\">\n\t\t\t\t<div class=\"elementor-widget-container\">\n\t\t\t\t\t\t\t\t\t\t\t\t\t\t\t<img decoding=\"async\" width=\"383\" height=\"383\" src=\"https:\/\/minasecinema.repesq.ufjf.br\/wp-content\/uploads\/2023\/12\/waltendir-png.png\" class=\"attachment-full size-full wp-image-889\" alt=\"\" srcset=\"https:\/\/minasecinema.repesq.ufjf.br\/wp-content\/uploads\/2023\/12\/waltendir-png.png 383w, https:\/\/minasecinema.repesq.ufjf.br\/wp-content\/uploads\/2023\/12\/waltendir-png-300x300.png 300w, https:\/\/minasecinema.repesq.ufjf.br\/wp-content\/uploads\/2023\/12\/waltendir-png-150x150.png 150w\" sizes=\"(max-width: 383px) 100vw, 383px\" \/>\t\t\t\t\t\t\t\t\t\t\t\t\t\t\t<\/div>\n\t\t\t\t<\/div>\n\t\t\t\t<div class=\"elementor-element elementor-element-32057e9 elementor-widget elementor-widget-heading\" data-id=\"32057e9\" data-element_type=\"widget\" data-widget_type=\"heading.default\">\n\t\t\t\t<div class=\"elementor-widget-container\">\n\t\t\t\t\t<h5 class=\"elementor-heading-title elementor-size-default\"><a href=\"https:\/\/minasecinema.com.br\/cidades\/juiz-de-fora\/publicacoes-de-juiz-de-fora\/colecao-waltencir-parizzi\/\">Waltencir Parizzi Collection<\/a><\/h5>\t\t\t\t<\/div>\n\t\t\t\t<\/div>\n\t\t\t\t<\/div>\n\t\t<div class=\"has_eae_slider elementor-element elementor-element-819692e e-con-full e-flex e-con e-child\" data-eae-slider=\"68330\" data-id=\"819692e\" data-element_type=\"container\" data-settings=\"{&quot;background_background&quot;:&quot;classic&quot;}\">\n\t\t\t\t<div class=\"elementor-element elementor-element-5f69383 elementor-widget elementor-widget-image\" data-id=\"5f69383\" data-element_type=\"widget\" data-widget_type=\"image.default\">\n\t\t\t\t<div class=\"elementor-widget-container\">\n\t\t\t\t\t\t\t\t\t\t\t\t\t\t\t<img decoding=\"async\" width=\"510\" height=\"510\" src=\"https:\/\/minasecinema.repesq.ufjf.br\/wp-content\/uploads\/2023\/12\/A-Torre-de-Marfim-pn.png\" class=\"attachment-full size-full wp-image-890\" alt=\"\" srcset=\"https:\/\/minasecinema.repesq.ufjf.br\/wp-content\/uploads\/2023\/12\/A-Torre-de-Marfim-pn.png 510w, https:\/\/minasecinema.repesq.ufjf.br\/wp-content\/uploads\/2023\/12\/A-Torre-de-Marfim-pn-300x300.png 300w, https:\/\/minasecinema.repesq.ufjf.br\/wp-content\/uploads\/2023\/12\/A-Torre-de-Marfim-pn-150x150.png 150w\" sizes=\"(max-width: 510px) 100vw, 510px\" \/>\t\t\t\t\t\t\t\t\t\t\t\t\t\t\t<\/div>\n\t\t\t\t<\/div>\n\t\t\t\t<div class=\"elementor-element elementor-element-62b3917 elementor-widget elementor-widget-heading\" data-id=\"62b3917\" data-element_type=\"widget\" data-widget_type=\"heading.default\">\n\t\t\t\t<div class=\"elementor-widget-container\">\n\t\t\t\t\t<h5 class=\"elementor-heading-title elementor-size-default\"><a href=\"https:\/\/minasecinema.com.br\/cidades\/juiz-de-fora\/publicacoes-de-juiz-de-fora\/revista-a-torre-de-marfim\/\">&quot;The Ivory Tower&quot; Magazine<\/a><\/h5>\t\t\t\t<\/div>\n\t\t\t\t<\/div>\n\t\t\t\t<\/div>\n\t\t\t\t\t<\/div>\n\t\t\t\t<\/div>\n\t\t<div class=\"has_eae_slider elementor-element elementor-element-16787da e-grid e-con-boxed e-con e-parent\" data-eae-slider=\"66246\" data-id=\"16787da\" data-element_type=\"container\">\n\t\t\t\t\t<div class=\"e-con-inner\">\n\t\t\t\t\t<\/div>\n\t\t\t\t<\/div>\n\t\t<div class=\"has_eae_slider elementor-element elementor-element-035d8df e-flex e-con-boxed e-con e-parent\" data-eae-slider=\"62621\" data-id=\"035d8df\" data-element_type=\"container\" data-settings=\"{&quot;background_background&quot;:&quot;classic&quot;,&quot;shape_divider_bottom&quot;:&quot;waves&quot;}\">\n\t\t\t\t\t<div class=\"e-con-inner\">\n\t\t\t\t<div class=\"elementor-shape elementor-shape-bottom\" aria-hidden=\"true\" data-negative=\"false\">\n\t\t\t<svg xmlns=\"http:\/\/www.w3.org\/2000\/svg\" viewbox=\"0 0 1000 100\" preserveaspectratio=\"none\">\n\t<path class=\"elementor-shape-fill\" d=\"M421.9,6.5c22.6-2.5,51.5,0.4,75.5,5.3c23.6,4.9,70.9,23.5,100.5,35.7c75.8,32.2,133.7,44.5,192.6,49.7\tc23.6,2.1,48.7,3.5,103.4-2.5c54.7-6,106.2-25.6,106.2-25.6V0H0v30.3c0,0,72,32.6,158.4,30.5c39.2-0.7,92.8-6.7,134-22.4\tc21.2-8.1,52.2-18.2,79.7-24.2C399.3,7.9,411.6,7.5,421.9,6.5z\"\/>\n<\/svg>\t\t<\/div>\n\t\t<div class=\"has_eae_slider elementor-element elementor-element-9ad8353 e-con-full e-flex e-con e-child\" data-eae-slider=\"6479\" data-id=\"9ad8353\" data-element_type=\"container\" data-settings=\"{&quot;background_background&quot;:&quot;classic&quot;}\">\n\t\t\t\t<div class=\"elementor-element elementor-element-5dfcd58 elementor-widget elementor-widget-image\" data-id=\"5dfcd58\" data-element_type=\"widget\" data-widget_type=\"image.default\">\n\t\t\t\t<div class=\"elementor-widget-container\">\n\t\t\t\t\t\t\t\t\t\t\t\t\t\t\t<img loading=\"lazy\" decoding=\"async\" width=\"924\" height=\"924\" src=\"https:\/\/minasecinema.repesq.ufjf.br\/wp-content\/uploads\/2023\/12\/WhatsApp-Image-2022.png\" class=\"attachment-full size-full wp-image-891\" alt=\"\" srcset=\"https:\/\/minasecinema.repesq.ufjf.br\/wp-content\/uploads\/2023\/12\/WhatsApp-Image-2022.png 924w, https:\/\/minasecinema.repesq.ufjf.br\/wp-content\/uploads\/2023\/12\/WhatsApp-Image-2022-300x300.png 300w, https:\/\/minasecinema.repesq.ufjf.br\/wp-content\/uploads\/2023\/12\/WhatsApp-Image-2022-150x150.png 150w, https:\/\/minasecinema.repesq.ufjf.br\/wp-content\/uploads\/2023\/12\/WhatsApp-Image-2022-768x768.png 768w\" sizes=\"(max-width: 924px) 100vw, 924px\" \/>\t\t\t\t\t\t\t\t\t\t\t\t\t\t\t<\/div>\n\t\t\t\t<\/div>\n\t\t\t\t<div class=\"elementor-element elementor-element-73bab76 elementor-widget elementor-widget-heading\" data-id=\"73bab76\" data-element_type=\"widget\" data-widget_type=\"heading.default\">\n\t\t\t\t<div class=\"elementor-widget-container\">\n\t\t\t\t\t<h5 class=\"elementor-heading-title elementor-size-default\"><a href=\"https:\/\/minasecinema.com.br\/cidades\/juiz-de-fora\/publicacoes-de-juiz-de-fora\/revista-o-lince\/\">&quot;O Lynx&quot; Magazine<\/a><\/h5>\t\t\t\t<\/div>\n\t\t\t\t<\/div>\n\t\t\t\t<\/div>\n\t\t<div class=\"has_eae_slider elementor-element elementor-element-8873014 e-con-full e-flex e-con e-child\" data-eae-slider=\"46397\" data-id=\"8873014\" data-element_type=\"container\" data-settings=\"{&quot;background_background&quot;:&quot;classic&quot;}\">\n\t\t\t\t<div class=\"elementor-element elementor-element-0c9a13e elementor-widget elementor-widget-image\" data-id=\"0c9a13e\" data-element_type=\"widget\" data-widget_type=\"image.default\">\n\t\t\t\t<div class=\"elementor-widget-container\">\n\t\t\t\t\t\t\t\t\t\t\t\t\t\t\t<img loading=\"lazy\" decoding=\"async\" width=\"1386\" height=\"1385\" src=\"https:\/\/minasecinema.repesq.ufjf.br\/wp-content\/uploads\/2023\/12\/Captura-de-tela-2022-1.png\" class=\"attachment-full size-full wp-image-892\" alt=\"\" srcset=\"https:\/\/minasecinema.repesq.ufjf.br\/wp-content\/uploads\/2023\/12\/Captura-de-tela-2022-1.png 1386w, https:\/\/minasecinema.repesq.ufjf.br\/wp-content\/uploads\/2023\/12\/Captura-de-tela-2022-1-300x300.png 300w, https:\/\/minasecinema.repesq.ufjf.br\/wp-content\/uploads\/2023\/12\/Captura-de-tela-2022-1-1024x1024.png 1024w, https:\/\/minasecinema.repesq.ufjf.br\/wp-content\/uploads\/2023\/12\/Captura-de-tela-2022-1-150x150.png 150w, https:\/\/minasecinema.repesq.ufjf.br\/wp-content\/uploads\/2023\/12\/Captura-de-tela-2022-1-768x767.png 768w\" sizes=\"(max-width: 1386px) 100vw, 1386px\" \/>\t\t\t\t\t\t\t\t\t\t\t\t\t\t\t<\/div>\n\t\t\t\t<\/div>\n\t\t\t\t<div class=\"elementor-element elementor-element-37684b6 elementor-widget elementor-widget-heading\" data-id=\"37684b6\" data-element_type=\"widget\" data-widget_type=\"heading.default\">\n\t\t\t\t<div class=\"elementor-widget-container\">\n\t\t\t\t\t<h5 class=\"elementor-heading-title elementor-size-default\"><a href=\"https:\/\/minasecinema.com.br\/cidades\/juiz-de-fora\/publicacoes-de-juiz-de-fora\/revista-lar-catolico\/\">Periodical &quot;Catholic Home&quot;<\/a><\/h5>\t\t\t\t<\/div>\n\t\t\t\t<\/div>\n\t\t\t\t<\/div>\n\t\t<div class=\"has_eae_slider elementor-element elementor-element-472d50f e-con-full e-flex e-con e-child\" data-eae-slider=\"98084\" data-id=\"472d50f\" data-element_type=\"container\" data-settings=\"{&quot;background_background&quot;:&quot;classic&quot;}\">\n\t\t\t\t<div class=\"elementor-element elementor-element-0eaf2cf elementor-widget elementor-widget-image\" data-id=\"0eaf2cf\" data-element_type=\"widget\" data-widget_type=\"image.default\">\n\t\t\t\t<div class=\"elementor-widget-container\">\n\t\t\t\t\t\t\t\t\t\t\t\t\t\t\t<img loading=\"lazy\" decoding=\"async\" width=\"517\" height=\"401\" src=\"https:\/\/minasecinema.repesq.ufjf.br\/wp-content\/uploads\/2023\/12\/Captura-de-tela-2022-2.png\" class=\"attachment-full size-full wp-image-893\" alt=\"\" srcset=\"https:\/\/minasecinema.repesq.ufjf.br\/wp-content\/uploads\/2023\/12\/Captura-de-tela-2022-2.png 517w, https:\/\/minasecinema.repesq.ufjf.br\/wp-content\/uploads\/2023\/12\/Captura-de-tela-2022-2-300x233.png 300w\" sizes=\"(max-width: 517px) 100vw, 517px\" \/>\t\t\t\t\t\t\t\t\t\t\t\t\t\t\t<\/div>\n\t\t\t\t<\/div>\n\t\t\t\t<div class=\"elementor-element elementor-element-52f2963 elementor-widget elementor-widget-heading\" data-id=\"52f2963\" data-element_type=\"widget\" data-widget_type=\"heading.default\">\n\t\t\t\t<div class=\"elementor-widget-container\">\n\t\t\t\t\t<h5 class=\"elementor-heading-title elementor-size-default\"><a href=\"https:\/\/minasecinema.com.br\/cidades\/juiz-de-fora\/publicacoes-de-juiz-de-fora\/revista-a-scena-muda\/\">&quot;Scena Muda&quot; Magazine<\/a><\/h5>\t\t\t\t<\/div>\n\t\t\t\t<\/div>\n\t\t\t\t<\/div>\n\t\t\t\t\t<\/div>\n\t\t\t\t<\/div>\n\t\t\t\t<\/div>","protected":false},"excerpt":{"rendered":"<p>Publica\u00e7\u00f5es de Juiz de Fora Para acessar as publica\u00e7\u00f5es clique nos t\u00f3picos abaixo: Cia. Central de Divers\u00f5es O Cinema de Juiz de Fora no acervo do Arquivo Central\/UFJF Cole\u00e7\u00e3o Waltencir Parizzi Revista &#8220;A Torre de Marfim&#8221; Revista &#8220;O Lince&#8221; Peri\u00f3dico &#8220;Lar Cat\u00f3lico&#8221; Revista &#8220;Scena Muda&#8221;<\/p>","protected":false},"author":1,"featured_media":0,"parent":0,"menu_order":0,"comment_status":"closed","ping_status":"closed","template":"elementor_header_footer","meta":{"footnotes":""},"tnc_tax_8431":[],"tnc_tax_8399":[],"tnc_tax_8396":[],"tnc_tax_8393":[],"tnc_tax_6759":[],"tnc_tax_6723":[],"tnc_tax_4866":[],"tnc_tax_3507":[],"class_list":["post-886","page","type-page","status-publish","hentry"],"blocksy_meta":[],"_links":{"self":[{"href":"https:\/\/minasecinema.repesq.ufjf.br\/en\/wp-json\/wp\/v2\/pages\/886","targetHints":{"allow":["GET"]}}],"collection":[{"href":"https:\/\/minasecinema.repesq.ufjf.br\/en\/wp-json\/wp\/v2\/pages"}],"about":[{"href":"https:\/\/minasecinema.repesq.ufjf.br\/en\/wp-json\/wp\/v2\/types\/page"}],"author":[{"embeddable":true,"href":"https:\/\/minasecinema.repesq.ufjf.br\/en\/wp-json\/wp\/v2\/users\/1"}],"replies":[{"embeddable":true,"href":"https:\/\/minasecinema.repesq.ufjf.br\/en\/wp-json\/wp\/v2\/comments?post=886"}],"version-history":[{"count":40,"href":"https:\/\/minasecinema.repesq.ufjf.br\/en\/wp-json\/wp\/v2\/pages\/886\/revisions"}],"predecessor-version":[{"id":70016,"href":"https:\/\/minasecinema.repesq.ufjf.br\/en\/wp-json\/wp\/v2\/pages\/886\/revisions\/70016"}],"wp:attachment":[{"href":"https:\/\/minasecinema.repesq.ufjf.br\/en\/wp-json\/wp\/v2\/media?parent=886"}],"wp:term":[{"taxonomy":"tnc_tax_8431","embeddable":true,"href":"https:\/\/minasecinema.repesq.ufjf.br\/en\/wp-json\/wp\/v2\/tnc_tax_8431?post=886"},{"taxonomy":"tnc_tax_8399","embeddable":true,"href":"https:\/\/minasecinema.repesq.ufjf.br\/en\/wp-json\/wp\/v2\/tnc_tax_8399?post=886"},{"taxonomy":"tnc_tax_8396","embeddable":true,"href":"https:\/\/minasecinema.repesq.ufjf.br\/en\/wp-json\/wp\/v2\/tnc_tax_8396?post=886"},{"taxonomy":"tnc_tax_8393","embeddable":true,"href":"https:\/\/minasecinema.repesq.ufjf.br\/en\/wp-json\/wp\/v2\/tnc_tax_8393?post=886"},{"taxonomy":"tnc_tax_6759","embeddable":true,"href":"https:\/\/minasecinema.repesq.ufjf.br\/en\/wp-json\/wp\/v2\/tnc_tax_6759?post=886"},{"taxonomy":"tnc_tax_6723","embeddable":true,"href":"https:\/\/minasecinema.repesq.ufjf.br\/en\/wp-json\/wp\/v2\/tnc_tax_6723?post=886"},{"taxonomy":"tnc_tax_4866","embeddable":true,"href":"https:\/\/minasecinema.repesq.ufjf.br\/en\/wp-json\/wp\/v2\/tnc_tax_4866?post=886"},{"taxonomy":"tnc_tax_3507","embeddable":true,"href":"https:\/\/minasecinema.repesq.ufjf.br\/en\/wp-json\/wp\/v2\/tnc_tax_3507?post=886"}],"curies":[{"name":"wp","href":"https:\/\/api.w.org\/{rel}","templated":true}]}}